{"id":409,"date":"2025-04-15T14:59:21","date_gmt":"2025-04-15T13:59:21","guid":{"rendered":"https:\/\/2025.leuenberg.eu\/?page_id=409"},"modified":"2026-02-25T10:04:53","modified_gmt":"2026-02-25T10:04:53","slug":"startseite","status":"publish","type":"page","link":"https:\/\/www.leuenberg.eu\/de\/","title":{"rendered":"Startseite"},"content":{"rendered":"<div class=\"et_pb_section_0 et_pb_section et_pb_fullwidth_section et_section_regular et_block_section\">\n\n\n<div class=\"et_pb_fullwidth_post_slider_0 et_pb_fullwidth_post_slider et_pb_bg_layout_dark et_pb_slider et_pb_post_slider et_pb_post_slider_image_background et_pb_slider_with_overlay et_pb_slider_with_text_overlay et_pb_module\"><div class=\"et_pb_slides\"><div class=\"et_pb_slide et_pb_slide_with_no_image et_pb_post_slide-4601\" style=\"background-image:\"><div class=\"et_pb_slide_overlay_container\"><\/div><div class=\"et_pb_container clearfix\"><div class=\"et_pb_slider_container_inner\"><div class=\"et_pb_slide_description\"><div class=\"et_pb_text_overlay_wrapper\"><h2 class=\"et_pb_slide_title\"><a href=\"https:\/\/www.leuenberg.eu\/de\/2026\/04\/23\/geke-bringt-protestantische-kirchenkritik-in-die-diskussion-des-europarats-ueber-konfessionellen-religionsunterricht-ein\/\">GEKE bringt protestantische Kirchenkritik in die Diskussion des Europarats \u00fcber konfessionellen Religionsunterricht ein<\/a><\/h2><div class=\"et_pb_slide_content\"><div><p>Am 21. April 2026 verabschiedete die Parlamentarische Versammlung des Europarates eine Entschlie\u00dfung zum Thema \u201eBek\u00e4mpfung von Diskriminierung aus religi\u00f6sen Gr\u00fcnden und Schutz der Religions- und Weltanschauungsfreiheit in Europa\u201c. Die Abgeordneten berichteten \u00fcber&#8230;<\/p>\n<\/div><\/div><\/div><\/div><\/div><\/div><\/div><div class=\"et_pb_slide et_pb_slide_with_no_image et_pb_post_slide-4587\" style=\"background-image:url(https:\/\/www.leuenberg.eu\/wp-content\/uploads\/2026\/04\/Daniel-KI-Bild-1-1.jpg)\"><div class=\"et_pb_slide_overlay_container\"><\/div><div class=\"et_pb_container clearfix\"><div class=\"et_pb_slider_container_inner\"><div class=\"et_pb_slide_description\"><div class=\"et_pb_text_overlay_wrapper\"><h2 class=\"et_pb_slide_title\"><a href=\"https:\/\/www.leuenberg.eu\/2026\/04\/21\/ai-responsibility-and-the-churchs-role-in-protecting-human-relationships\/\">AI, Responsibility, and the Church\u2019s Role in Protecting Human Relationships<\/a><\/h2><div class=\"et_pb_slide_content\"><div><p>\u201cA fool with a tool is still a fool and a tool in the hands of a fool is a bad thing.\u201d Such a statement could not be truer of humanity\u2019s latest technological tool, argued Director of the Center for Faith &amp; Society at Fribourg University\u2019s Oliver D\u00fcrr as he spoke&#8230;<\/p>\n<\/div><\/div><\/div><\/div><\/div><\/div><\/div><div class=\"et_pb_slide et_pb_slide_with_no_image et_pb_post_slide-4583\" style=\"background-image:url(https:\/\/www.leuenberg.eu\/wp-content\/uploads\/2026\/04\/Daniel-KI-Bild-1.jpg)\"><div class=\"et_pb_slide_overlay_container\"><\/div><div class=\"et_pb_container clearfix\"><div class=\"et_pb_slider_container_inner\"><div class=\"et_pb_slide_description\"><div class=\"et_pb_text_overlay_wrapper\"><h2 class=\"et_pb_slide_title\"><a href=\"https:\/\/www.leuenberg.eu\/de\/2026\/04\/21\/ai-responsibility-and-the-churchs-role-in-protecting-human-relationships\/\">AI, Responsibility, and the Church\u2019s Role in Protecting Human Relationships<\/a><\/h2><div class=\"et_pb_slide_content\"><div><p>\u201cA fool with a tool is still a fool and a tool in the hands of a fool is a bad thing.\u201d Such a statement could not be truer of humanity\u2019s latest technological tool, argued Director of the Center for Faith &amp; Society at Fribourg University\u2019s Oliver D\u00fcrr as he spoke&#8230;<\/p>\n<\/div><\/div><\/div><\/div><\/div><\/div><\/div><div class=\"et_pb_slide et_pb_slide_with_no_image et_pb_post_slide-4573\" style=\"background-image:url(https:\/\/www.leuenberg.eu\/wp-content\/uploads\/2026\/04\/mario-susanne-querformat-scaled.jpg)\"><div class=\"et_pb_slide_overlay_container\"><\/div><div class=\"et_pb_container clearfix\"><div class=\"et_pb_slider_container_inner\"><div class=\"et_pb_slide_description\"><div class=\"et_pb_text_overlay_wrapper\"><h2 class=\"et_pb_slide_title\"><a href=\"https:\/\/www.leuenberg.eu\/de\/2026\/04\/21\/doppel-bei-der-geke-pressekonferenz\/\">\u201eDoppel\u201c bei der GEKE \u2013 Pressekonferenz<\/a><\/h2><div class=\"et_pb_slide_content\"><div><p>&nbsp; \u201eDie GEKE lebt nicht von Einheitlichkeit, sondern vom vers\u00f6hnlichen Umgang mit Verschiedenheit. Diesen Weg werden wird die GEKE weitergehen\u201c, k\u00fcndigte Dr. Susanne Schenk, die designierte Generalsekret\u00e4rin bei der GEKE Pressekonferenz zur Amts\u00fcbernahme an. Dabei&#8230;<\/p>\n<\/div><\/div><\/div><\/div><\/div><\/div><\/div><div class=\"et_pb_slide et_pb_slide_with_no_image et_pb_post_slide-4562\" style=\"background-image:url(https:\/\/www.leuenberg.eu\/wp-content\/uploads\/2026\/04\/kapelle-Tallinn.jpeg)\"><div class=\"et_pb_slide_overlay_container\"><\/div><div class=\"et_pb_container clearfix\"><div class=\"et_pb_slider_container_inner\"><div class=\"et_pb_slide_description\"><div class=\"et_pb_text_overlay_wrapper\"><h2 class=\"et_pb_slide_title\"><a href=\"https:\/\/www.leuenberg.eu\/de\/2026\/04\/21\/wie-bereitet-ihr-euch-auf-die-ordination-vor\/\">Wie bereitet Ihr Euch auf die Ordination vor?<\/a><\/h2><div class=\"et_pb_slide_content\"><div><p>Das war eine der Fragen, die sich Vikare und Vikarinnen aus Estland, \u00d6sterreich und Rum\u00e4nien gegenseitig stellten. Dazu kamen in den Tagen 16.-19. April 2026, bei der Begegnung in Tallinn, viele weitere dazu. Dieses war auch das ausgesprochene Ziel der Begegnung,&#8230;<\/p>\n<\/div><\/div><\/div><\/div><\/div><\/div><\/div><div class=\"et_pb_slide et_pb_slide_with_no_image et_pb_post_slide-4502\" style=\"background-image:url(https:\/\/www.leuenberg.eu\/wp-content\/uploads\/2026\/04\/Mitgliedskirche-Danemark-1.jpg)\"><div class=\"et_pb_slide_overlay_container\"><\/div><div class=\"et_pb_container clearfix\"><div class=\"et_pb_slider_container_inner\"><div class=\"et_pb_slide_description\"><div class=\"et_pb_text_overlay_wrapper\"><h2 class=\"et_pb_slide_title\"><a href=\"https:\/\/www.leuenberg.eu\/de\/2026\/04\/09\/neue-geke-reihe-96-mitgliedskirchen-ein-glaube-der-lebt-daenemark\/\">Neue GEKE-Reihe: 96 Mitgliedskirchen &#8211; ein Glaube der lebt! D\u00c4NEMARK<\/a><\/h2><div class=\"et_pb_slide_content\"><div><p>Fast 100 Kirchen in ganz Europa \u2013 von Ost bis West, von Nord bis S\u00fcd \u2013 und sogar vier weitere jenseits des Atlantiks am Rio de la Plata. So viel Vielfalt, und doch eint sie alle eines: ein gemeinsamer Glaube, der lebendig ist. In unserer neuen Reihe stellen sich die&#8230;<\/p>\n<\/div><\/div><\/div><\/div><\/div><\/div><\/div><div class=\"et_pb_slide et_pb_slide_with_no_image et_pb_post_slide-4491\" style=\"background-image:url(https:\/\/www.leuenberg.eu\/wp-content\/uploads\/2026\/04\/Florenz-1-NL-scaled.jpg)\"><div class=\"et_pb_slide_overlay_container\"><\/div><div class=\"et_pb_container clearfix\"><div class=\"et_pb_slider_container_inner\"><div class=\"et_pb_slide_description\"><div class=\"et_pb_text_overlay_wrapper\"><h2 class=\"et_pb_slide_title\"><a href=\"https:\/\/www.leuenberg.eu\/de\/2026\/04\/08\/gestalten-statt-resignieren-ecclesia-semper-reformanda\/\">Kirche gestalten in Zeiten des Wandels &#8211; aber wie?<\/a><\/h2><div class=\"et_pb_slide_content\"><div><p>Kirchen oder noch allgemeiner Religionsgemeinschaften gelten oft als Orte von Tradition, in denen Glauben und Glaubenspraktiken \u00fcber Jahrtausende weitergegeben werden. Evangelische Kirchen nehmen f\u00fcr sich dabei jedoch eine differenziertere Rolle ein, denn sie berufen&#8230;<\/p>\n<\/div><\/div><\/div><\/div><\/div><\/div><\/div><div class=\"et_pb_slide et_pb_slide_with_no_image et_pb_post_slide-4470\" style=\"background-image:url(https:\/\/www.leuenberg.eu\/wp-content\/uploads\/2026\/03\/advisory-board-ethics.jpg)\"><div class=\"et_pb_slide_overlay_container\"><\/div><div class=\"et_pb_container clearfix\"><div class=\"et_pb_slider_container_inner\"><div class=\"et_pb_slide_description\"><div class=\"et_pb_text_overlay_wrapper\"><h2 class=\"et_pb_slide_title\"><a href=\"https:\/\/www.leuenberg.eu\/de\/2026\/03\/27\/bereit-sein-fuer-das-was-wir-sehen-und-was-wir-nicht-und-vertrauen-was-heisst-gemeisam-kirche-sein-in-unsicheren-zeiten\/\">Bereit sein &#8211; f\u00fcr das, was wir sehen und was wir nicht sehen und vertrauen: Was hei\u00dft Gemeinsam Kirche sein in unsicheren Zeiten?<\/a><\/h2><div class=\"et_pb_slide_content\"><div><p>Seid also wachsam! Denn ihr wisst weder den Tag noch die Stunde.\u201c \u2013 Matth\u00e4us 25,13 Hindern uns unsichere Zeiten daran, den Weg im Glauben zu gehen? Zeigen Vorbereitungen auf Krieg, Pandemie oder Krisen, dass wir nicht daran glauben, dass Gott uns als Hirte f\u00fchrt und&#8230;<\/p>\n<\/div><\/div><\/div><\/div><\/div><\/div><\/div><div class=\"et_pb_slide et_pb_slide_with_no_image et_pb_post_slide-4462\" style=\"background-image:url(https:\/\/www.leuenberg.eu\/wp-content\/uploads\/2026\/03\/Osterkarte-mit-text-1-1-scaled.jpg)\"><div class=\"et_pb_slide_overlay_container\"><\/div><div class=\"et_pb_container clearfix\"><div class=\"et_pb_slider_container_inner\"><div class=\"et_pb_slide_description\"><div class=\"et_pb_text_overlay_wrapper\"><h2 class=\"et_pb_slide_title\"><a href=\"https:\/\/www.leuenberg.eu\/de\/2026\/03\/27\/gesegnete-ostern\/\">Gesegnete Ostern!<\/a><\/h2><div class=\"et_pb_slide_content\"><div><\/div><\/div><\/div><\/div><\/div><\/div><\/div><div class=\"et_pb_slide et_pb_slide_with_no_image et_pb_post_slide-4445\" style=\"background-image:url(https:\/\/www.leuenberg.eu\/wp-content\/uploads\/2026\/03\/Elstal-meeting-2-scaled-e1774439204432.jpg)\"><div class=\"et_pb_slide_overlay_container\"><\/div><div class=\"et_pb_container clearfix\"><div class=\"et_pb_slider_container_inner\"><div class=\"et_pb_slide_description\"><div class=\"et_pb_text_overlay_wrapper\"><h2 class=\"et_pb_slide_title\"><a href=\"https:\/\/www.leuenberg.eu\/de\/2026\/03\/25\/europaeisch-baptistische-foederation-und-gemeinschaft-evangelischer-kirchen-in-europa-setzen-oekumenischen-dialog-in-zweiter-runde-fort\/\">Europ\u00e4isch-Baptistische F\u00f6deration und Gemeinschaft Evangelischer Kirchen in Europa setzen \u00f6kumenischen Dialog in zweiter Runde fort<\/a><\/h2><div class=\"et_pb_slide_content\"><div><p>PRESSEMITTEILUNG Mehr als zwei Jahrzehnte nach dem ersten Lehrgespr\u00e4ch zwischen der Europ\u00e4isch-Baptistischen F\u00f6deration (EBF) und der Gemeinschaft Evangelischer Kirchen in Europa (GEKE) bietet die gegenw\u00e4rtige Lage der Kirchen in Europa eine neue Gelegenheit, den&#8230;<\/p>\n<\/div><\/div><\/div><\/div><\/div><\/div><\/div><\/div><\/div>\n<\/div>\n\n<div class=\"et_pb_section_1 et_pb_section et_section_regular et_block_section\">\n<div class=\"et_pb_row_0 et_pb_row et_block_row\">\n<div class=\"et_pb_column_0 et_pb_column et_pb_column_4_4 et-last-child et_block_column et_pb_css_mix_blend_mode_passthrough\">\n<div class=\"et_pb_text_0 et_pb_text et_pb_bg_layout_light et_pb_module et_block_module preset--module--divi-text--default\"><div class=\"et_pb_text_inner\"><h1 style=\"text-align: center;\">Gemeinschaft Evangelischer Kirchen in Europa GEKE<\/h1>\n<\/div><\/div>\n<\/div>\n<\/div>\n<\/div>\n\n<div class=\"et_pb_section_2 et_pb_section et_section_regular et_block_section section_has_divider et_pb_bottom_divider\">\n<div class=\"et_pb_row_1 et_pb_row et_flex_row\">\n<div class=\"et_pb_column_1 et_pb_column et_block_column et_pb_css_mix_blend_mode_passthrough et_flex_column_4_24 et_flex_column_8_24_tablet et_flex_column_12_24_phone\">\n\n\n\n\n\n\n\n\n\n\n\n\n\n\n\n\n\n\n<div class=\"et_pb_module et_d4_element dmpro_hover_box dmpro_hover_box_0\">\n\t\t\t\t\n\t\t\t\t\n\t\t\t\t\n\t\t\t\t\n\t\t\t\t\n\t\t\t\t\n\t\t\t\t<div class=\"et_pb_module_inner\">\n\t\t\t\t\t<div class=\"dmpro-hover-box-container dmpro-hover-box-slide-top hover_box_align_front_center hover_box_align_back_center\" data-force_square=\"off\">\n                <div class=\"dmpro-hover-box-inner-wrapper\">\n                    <div class=\"dmpro-hover-box-content\">\n              \n              <div class=\"dmpro-hover-box-content-innner\">\n                    \n                    <div class=\"dmpro-text\">\n                        <h2 class=\"dmpro-hover-box-heading\">\n                    Mission und Werte\n                <\/h2>\n                        \n                    <\/div>\n              <\/div>\n            <\/div>\n            \n                    <div class=\"dmpro-hover-box-hover\">\n                \n                <div class=\"dmpro-hover-box-hover-innner\">\n                    \n                    <div class=\"dmpro-text\">\n                        <h2 class=\"dmpro-hover-box-heading\">\n                    Mission und Werte\n                <\/h2>\n                        \n                    <\/div>\n                    <a class=\"et_pb_button dmpro-hover-button\" href=\"https:\/\/leuenberg.eu\/de\/ueber-uns\/werte-wofuer-wir-stehen\/\">Mehr erfahren<\/a>\n                <\/div>\n            <\/div>\n                <\/div>\n            <\/div>\n\t\t\t\t<\/div>\n\t\t\t<\/div>\n\n\n\n\n\n\n\n\n\n\n\n\n\n\n\n\n\n\n<\/div>\n\n<div class=\"et_pb_column_2 et_pb_column et_block_column et_pb_css_mix_blend_mode_passthrough et_flex_column_4_24 et_flex_column_8_24_tablet et_flex_column_12_24_phone\">\n\n\n\n\n\n\n\n\n\n\n\n\n\n\n\n\n\n\n<div class=\"et_pb_module et_d4_element dmpro_hover_box dmpro_hover_box_1\">\n\t\t\t\t\n\t\t\t\t\n\t\t\t\t\n\t\t\t\t\n\t\t\t\t\n\t\t\t\t\n\t\t\t\t<div class=\"et_pb_module_inner\">\n\t\t\t\t\t<div class=\"dmpro-hover-box-container dmpro-hover-box-slide-top hover_box_align_front_center hover_box_align_back_center\" data-force_square=\"off\">\n                <div class=\"dmpro-hover-box-inner-wrapper\">\n                    <div class=\"dmpro-hover-box-content\">\n              \n              <div class=\"dmpro-hover-box-content-innner\">\n                    \n                    <div class=\"dmpro-text\">\n                        <h2 class=\"dmpro-hover-box-heading\">\n                    Geschichte\n                <\/h2>\n                        \n                    <\/div>\n              <\/div>\n            <\/div>\n            \n                    <div class=\"dmpro-hover-box-hover\">\n                \n                <div class=\"dmpro-hover-box-hover-innner\">\n                    \n                    <div class=\"dmpro-text\">\n                        <h1 class=\"dmpro-hover-box-heading\">\n                    Geschichte\n                <\/h1>\n                        \n                    <\/div>\n                    <a class=\"et_pb_button dmpro-hover-button\" href=\"https:\/\/leuenberg.eu\/de\/ueber-uns\/geschichte\/\">Mehr erfahren<\/a>\n                <\/div>\n            <\/div>\n                <\/div>\n            <\/div>\n\t\t\t\t<\/div>\n\t\t\t<\/div>\n\n\n\n\n\n\n\n\n\n\n\n\n\n\n\n\n\n\n<\/div>\n\n<div class=\"et_pb_column_3 et_pb_column et_block_column et_pb_css_mix_blend_mode_passthrough et_flex_column_4_24 et_flex_column_8_24_tablet et_flex_column_12_24_phone\">\n\n\n\n\n\n\n\n\n\n\n\n\n\n\n\n\n\n\n<div class=\"et_pb_module et_d4_element dmpro_hover_box dmpro_hover_box_2\">\n\t\t\t\t\n\t\t\t\t\n\t\t\t\t\n\t\t\t\t\n\t\t\t\t\n\t\t\t\t\n\t\t\t\t<div class=\"et_pb_module_inner\">\n\t\t\t\t\t<div class=\"dmpro-hover-box-container dmpro-hover-box-slide-top hover_box_align_front_center hover_box_align_back_center\" data-force_square=\"off\">\n                <div class=\"dmpro-hover-box-inner-wrapper\">\n                    <div class=\"dmpro-hover-box-content\">\n              \n              <div class=\"dmpro-hover-box-content-innner\">\n                    \n                    <div class=\"dmpro-text\">\n                        <h2 class=\"dmpro-hover-box-heading\">\n                    Mitglieds-kirchen\n                <\/h2>\n                        \n                    <\/div>\n              <\/div>\n            <\/div>\n            \n                    <div class=\"dmpro-hover-box-hover\">\n                \n                <div class=\"dmpro-hover-box-hover-innner\">\n                    \n                    <div class=\"dmpro-text\">\n                        <h2 class=\"dmpro-hover-box-heading\">\n                    Mitgliedskirchen\n                <\/h2>\n                        \n                    <\/div>\n                    <a class=\"et_pb_button dmpro-hover-button\" href=\"https:\/\/leuenberg.eu\/de\/ueber-uns\/unsere-mitgliedskirchen\/\">Mehr erfahren<\/a>\n                <\/div>\n            <\/div>\n                <\/div>\n            <\/div>\n\t\t\t\t<\/div>\n\t\t\t<\/div>\n\n\n\n\n\n\n\n\n\n\n\n\n\n\n\n\n\n\n<\/div>\n\n<div class=\"et_pb_column_4 et_pb_column et_block_column et_pb_css_mix_blend_mode_passthrough et_flex_column_4_24 et_flex_column_8_24_tablet et_flex_column_12_24_phone\">\n\n\n\n\n\n\n\n\n\n\n\n\n\n\n\n\n\n\n<div class=\"et_pb_module et_d4_element dmpro_hover_box dmpro_hover_box_3\">\n\t\t\t\t\n\t\t\t\t\n\t\t\t\t\n\t\t\t\t\n\t\t\t\t\n\t\t\t\t\n\t\t\t\t<div class=\"et_pb_module_inner\">\n\t\t\t\t\t<div class=\"dmpro-hover-box-container dmpro-hover-box-slide-top hover_box_align_front_center hover_box_align_back_center\" data-force_square=\"off\">\n                <div class=\"dmpro-hover-box-inner-wrapper\">\n                    <div class=\"dmpro-hover-box-content\">\n              \n              <div class=\"dmpro-hover-box-content-innner\">\n                    \n                    <div class=\"dmpro-text\">\n                        <h2 class=\"dmpro-hover-box-heading\">\n                    Regional-gruppen\n                <\/h2>\n                        \n                    <\/div>\n              <\/div>\n            <\/div>\n            \n                    <div class=\"dmpro-hover-box-hover\">\n                \n                <div class=\"dmpro-hover-box-hover-innner\">\n                    \n                    <div class=\"dmpro-text\">\n                        <h2 class=\"dmpro-hover-box-heading\">\n                    Regionalgruppen\n                <\/h2>\n                        \n                    <\/div>\n                    <a class=\"et_pb_button dmpro-hover-button\" href=\"https:\/\/leuenberg.eu\/de\/ueber-uns\/regionalgruppen\/\">Mehr erfahren<\/a>\n                <\/div>\n            <\/div>\n                <\/div>\n            <\/div>\n\t\t\t\t<\/div>\n\t\t\t<\/div>\n\n\n\n\n\n\n\n\n\n\n\n\n\n\n\n\n\n\n<\/div>\n\n<div class=\"et_pb_column_5 et_pb_column et_block_column et_pb_css_mix_blend_mode_passthrough et_flex_column_4_24 et_flex_column_8_24_tablet et_flex_column_12_24_phone\">\n\n\n\n\n\n<div class=\"et_pb_module et_d4_element dmpro_hover_box dmpro_hover_box_4\">\n\t\t\t\t\n\t\t\t\t\n\t\t\t\t\n\t\t\t\t\n\t\t\t\t\n\t\t\t\t\n\t\t\t\t<div class=\"et_pb_module_inner\">\n\t\t\t\t\t<div class=\"dmpro-hover-box-container dmpro-hover-box-slide-top hover_box_align_front_center hover_box_align_back_center\" data-force_square=\"off\">\n                <div class=\"dmpro-hover-box-inner-wrapper\">\n                    <div class=\"dmpro-hover-box-content\">\n              \n              <div class=\"dmpro-hover-box-content-innner\">\n                    \n                    <div class=\"dmpro-text\">\n                        <h2 class=\"dmpro-hover-box-heading\">\n                    Rat\n                <\/h2>\n                        \n                    <\/div>\n              <\/div>\n            <\/div>\n            \n                    <div class=\"dmpro-hover-box-hover\">\n                \n                <div class=\"dmpro-hover-box-hover-innner\">\n                    \n                    <div class=\"dmpro-text\">\n                        <h2 class=\"dmpro-hover-box-heading\">\n                    \u00dcber uns\n                <\/h2>\n                        \n                    <\/div>\n                    <a class=\"et_pb_button dmpro-hover-button\" href=\"http:\/\/de\/ueber-uns\/rat\/\">Mehr erfahren<\/a>\n                <\/div>\n            <\/div>\n                <\/div>\n            <\/div>\n\t\t\t\t<\/div>\n\t\t\t<\/div>\n\n\n\n\n\n<\/div>\n\n<div class=\"et_pb_column_6 et_pb_column et-last-child et_flex_column et_pb_css_mix_blend_mode_passthrough et_flex_column_4_24 et_flex_column_8_24_tablet et_flex_column_12_24_phone\">\n\n\n\n\n\n<div class=\"et_pb_module et_d4_element dmpro_hover_box dmpro_hover_box_5\">\n\t\t\t\t\n\t\t\t\t\n\t\t\t\t\n\t\t\t\t\n\t\t\t\t\n\t\t\t\t\n\t\t\t\t<div class=\"et_pb_module_inner\">\n\t\t\t\t\t<div class=\"dmpro-hover-box-container dmpro-hover-box-slide-top hover_box_align_front_center hover_box_align_back_center\" data-force_square=\"off\">\n                <div class=\"dmpro-hover-box-inner-wrapper\">\n                    <div class=\"dmpro-hover-box-content\">\n              \n              <div class=\"dmpro-hover-box-content-innner\">\n                    \n                    <div class=\"dmpro-text\">\n                        <h2 class=\"dmpro-hover-box-heading\">\n                    Team\n                <\/h2>\n                        \n                    <\/div>\n              <\/div>\n            <\/div>\n            \n                    <div class=\"dmpro-hover-box-hover\">\n                \n                <div class=\"dmpro-hover-box-hover-innner\">\n                    \n                    <div class=\"dmpro-text\">\n                        <h2 class=\"dmpro-hover-box-heading\">\n                    Team\n                <\/h2>\n                        \n                    <\/div>\n                    <a class=\"et_pb_button dmpro-hover-button\" href=\"http:\/\/de\/ueber-uns\/team\/\">Mehr erfahren<\/a>\n                <\/div>\n            <\/div>\n                <\/div>\n            <\/div>\n\t\t\t\t<\/div>\n\t\t\t<\/div>\n\n\n\n\n\n<\/div>\n<\/div>\n<div class=\"et_pb_bottom_inside_divider et-no-transition\"><\/div><\/div>\n\n<div class=\"et_pb_section_3 et_pb_section et_section_regular et_flex_section\">\n<div class=\"et_pb_row_2 et_pb_row et_flex_row\">\n<div class=\"et_pb_column_7 et_pb_column et-last-child et_flex_column et_pb_css_mix_blend_mode_passthrough et_flex_column_24_24 et_flex_column_24_24_tablet et_flex_column_24_24_phone\">\n<div class=\"et_pb_text_1 et_pb_text et_pb_bg_layout_light et_pb_module et_flex_module preset--module--divi-text--default\"><div class=\"et_pb_text_inner\"><h2><strong>Wechsel an der Spitze der GEKE!<\/strong><\/h2>\n<p><strong>Die Gesch\u00e4ftsstelle der GEKE in Wien bereitet sich auf den Wechsel im Generalsekretariat vor.<\/strong><\/p>\n<p>Am 27. April 2026 wird Pfarrer Dr. Mario Fischer als Generalsekret\u00e4r der GEKE verabschiedet und seine Nachfolgerin Pfarrerin Dr. Susanne Schenk in das Amt der Generalsekret\u00e4rin eingef\u00fchrt. Beides geschieht im Rahmen eines festlichen Gottesdienstes in der Lutherkirche in Wien-W\u00e4hring, der um 17:30 Uhr beginnt.<\/p>\n<p>Wer teilnehmen m\u00f6chte, wird gebeten, dies unter diesem<a href=\"https:\/\/forms.office.com\/Pages\/ResponsePage.aspx?id=3V7F7gPkI0yhJ2CVnMENNB2oJUp06qxKndGSmxtS_-pUQzE1MFZPOUpEVUZZQ0gwR1YxNUlWVUtTNS4u\"> Link<\/a> bis 1. April bekannt zu geben.<\/p>\n<p>\u00a0Mehr Informationen zu diesem besonderen Anlass finden Sie <a href=\"https:\/\/www.cpce-events.eu\/\">hier.<\/a><\/p>\n<p>&nbsp;<\/p>\n<\/div><\/div>\n<\/div>\n<\/div>\n\n<div class=\"et_pb_row_3 et_pb_row et_flex_row\">\n<div class=\"et_pb_column_8 et_pb_column et-last-child et_flex_column et_pb_css_mix_blend_mode_passthrough et_flex_column_24_24 et_flex_column_24_24_tablet et_flex_column_24_24_phone\">\n<div class=\"et_pb_image_0 et_pb_image et_pb_module et_flex_module\"><span class=\"et_pb_image_wrap\"><img loading=\"lazy\" decoding=\"async\" src=\"https:\/\/www.leuenberg.eu\/wp-content\/uploads\/2026\/02\/change-in-office-1-scaled.jpg\" title=\"hh\" width=\"2560\" height=\"1219\" srcset=\"https:\/\/www.leuenberg.eu\/wp-content\/uploads\/2026\/02\/change-in-office-1-scaled.jpg 2560w, https:\/\/www.leuenberg.eu\/wp-content\/uploads\/2026\/02\/change-in-office-1-1280x610.jpg 1280w, https:\/\/www.leuenberg.eu\/wp-content\/uploads\/2026\/02\/change-in-office-1-980x467.jpg 980w, https:\/\/www.leuenberg.eu\/wp-content\/uploads\/2026\/02\/change-in-office-1-480x229.jpg 480w\" sizes=\"(min-width: 0px) and (max-width: 480px) 480px, (min-width: 481px) and (max-width: 980px) 980px, (min-width: 981px) and (max-width: 1280px) 1280px, (min-width: 1281px) 2560px, 100vw\" class=\"wp-image-4337\" \/><\/span><\/div>\n<\/div>\n<\/div>\n<\/div>\n\n\n\n<div class=\"et_pb_section_5 et_pb_section et_section_regular et_block_section\">\n<div class=\"et_pb_row_5 et_pb_row et_block_row preset--module--divi-row--5138c454-be54-4233-bd3b-f8e6a8747976\">\n<div class=\"et_pb_column_10 et_pb_column et_pb_column_4_4 et-last-child et_block_column et_pb_css_mix_blend_mode_passthrough preset--module--divi-column--73121f80-a3ef-4484-8763-c3f18e3c56d2\">\n<div class=\"et_pb_heading_1 et_pb_heading et_pb_module et_block_module preset--module--divi-heading--c33f07d9-41e0-421a-8799-5799df695cce\"><div class=\"et_pb_heading_container\"><h1 class=\"et_pb_module_header\">\u00dcber uns<\/h1><\/div><\/div>\n\n<div class=\"et_pb_text_2 et_pb_text et_pb_bg_layout_light et_pb_module et_block_module preset--module--divi-text--2c55a9c4-feed-423b-9edb-ae0b5b365cac\"><div class=\"et_pb_text_inner\"><p><strong>Die Gemeinschaft Evangelischer Kirchen in Europa (GEKE) ist die protestantische Stimme Europas f\u00fcr 40 Millionen Gl\u00e4ubige. Ihr geh\u00f6ren 96 lutherische, reformierte, unierte und methodistische Kirchen in Europa und \u00dcbersee an. Die GEKE hat ihren Sitz seit 2007 in Wien. <\/strong><\/p>\n<p><strong>Zur Geschichte der GEKE: <\/strong>Mit der<strong> Leuenberger Konkordie<\/strong> wurde vor etwas mehr als 50 Jahren (1973) ein kirchlicher Br\u00fcckenschlag historischer Dimension vollzogen: Die gegenseitige Anerkennung der evangelischen Kirchen in Europa. Seither kann eine lutherische Pfarrerin auf einer reformierten Kanzel predigen und ein reformierter Gl\u00e4ubiger das Abendmahl bei einem lutherischen Gottesdienst empfangen.<\/p>\n<\/div><\/div>\n\n<div class=\"et_pb_image_1 et_pb_image et_pb_module et_block_module preset--module--divi-image--1cc6152f-565c-4c4d-b0c9-cf8c9576c341\"><span class=\"et_pb_image_wrap\"><img loading=\"lazy\" decoding=\"async\" src=\"https:\/\/leuenberg.eu\/wp-content\/uploads\/2025\/08\/Gruppenfoto-von-vorne.jpg\" width=\"1024\" height=\"678\" srcset=\"https:\/\/www.leuenberg.eu\/wp-content\/uploads\/2025\/08\/Gruppenfoto-von-vorne.jpg 1024w, https:\/\/www.leuenberg.eu\/wp-content\/uploads\/2025\/08\/Gruppenfoto-von-vorne-300x199.jpg 300w, https:\/\/www.leuenberg.eu\/wp-content\/uploads\/2025\/08\/Gruppenfoto-von-vorne-768x509.jpg 768w, https:\/\/www.leuenberg.eu\/wp-content\/uploads\/2025\/08\/Gruppenfoto-von-vorne-980x649.jpg 980w, https:\/\/www.leuenberg.eu\/wp-content\/uploads\/2025\/08\/Gruppenfoto-von-vorne-480x318.jpg 480w\" sizes=\"(max-width: 1024px) 100vw, 1024px\" class=\"wp-image-557\" title=\"250620 About us header\" \/><\/span><\/div>\n<\/div>\n<\/div>\n<\/div>\n\n<div class=\"et_pb_section_6 et_pb_section et_pb_fullwidth_section et_section_regular et_block_section\">\n<div class=\"et_pb_fullwidth_portfolio_0 et_pb_fullwidth_portfolio et_pb_bg_layout_light et_pb_text_align_center et_pb_fullwidth_portfolio_carousel et_pb_module et_flex_module preset--module--divi-fullwidth-portfolio--ded4908f-62fd-41da-af96-d15d6f2d55ee\" data-auto-rotate=\"off\" data-auto-rotate-speed=\"7000\"><h2 class=\"et_pb_portfolio_title\">Hilfsprojekte, Dialoge, Nachwuchsf\u00f6rderung<\/h2><div class=\"et_pb_portfolio_items\" data-portfolio-columns=\"\"><div class=\"et_pb_fullwidth_portfolio_item_0_0 et_pb_portfolio_item post-1236 project type-project status-publish has-post-thumbnail hentry project_category-partner project_tag-partner\" id=\"1236\"><div class=\"et_pb_portfolio_image landscape\"><img loading=\"lazy\" decoding=\"async\" src=\"https:\/\/www.leuenberg.eu\/wp-content\/uploads\/2025\/04\/cpce-fmeec-510x382.jpg\" class=\"wp-image-67\" alt=\"Fellowship of the Middle East Evangelical Churches (FMEEC)\" title=\"Fellowship of the Middle East Evangelical Churches (FMEEC)\" width=\"510\" height=\"382\" srcset=\"https:\/\/www.leuenberg.eu\/wp-content\/uploads\/2025\/04\/cpce-fmeec.jpg 479w, https:\/\/www.leuenberg.eu\/wp-content\/uploads\/2025\/04\/cpce-fmeec-510x382.jpg 480w\" sizes=\"(max-width:479px) 479px, 100vw\" \/><div class=\"meta\"><a href=\"https:\/\/www.leuenberg.eu\/de\/project\/fellowship-of-the-middle-east-evangelical-churches-fmeec\/\"><span class=\"et_overlay\" data-icon-tablet=\"\" data-icon-phone=\"\" data-icon-sticky=\"\"><\/span><h3 class=\"et_pb_module_header\">Fellowship of the Middle East Evangelical Churches (FMEEC)<\/h3><\/a><\/div><\/div><\/div><div class=\"et_pb_fullwidth_portfolio_item_0_1 et_pb_portfolio_item post-1237 project type-project status-publish has-post-thumbnail hentry project_category-partner project_tag-partner\" id=\"1237\"><div class=\"et_pb_portfolio_image landscape\"><img loading=\"lazy\" decoding=\"async\" src=\"https:\/\/www.leuenberg.eu\/wp-content\/uploads\/2025\/04\/Bibeldialoge.jpg\" class=\"wp-image-63\" alt=\"Europ\u00e4ische Bibeldialoge\" title=\"Europ\u00e4ische Bibeldialoge\" width=\"335\" height=\"224\" srcset=\"https:\/\/www.leuenberg.eu\/wp-content\/uploads\/2025\/04\/Bibeldialoge.jpg 479w, https:\/\/www.leuenberg.eu\/wp-content\/uploads\/2025\/04\/Bibeldialoge.jpg 480w\" sizes=\"(max-width:479px) 479px, 100vw\" srcset=\"https:\/\/www.leuenberg.eu\/wp-content\/uploads\/2025\/04\/Bibeldialoge.jpg 335w, https:\/\/www.leuenberg.eu\/wp-content\/uploads\/2025\/04\/Bibeldialoge-300x201.jpg 300w\" \/><div class=\"meta\"><a href=\"https:\/\/www.leuenberg.eu\/de\/project\/europaeische-bibeldialoge\/\"><span class=\"et_overlay\" data-icon-tablet=\"\" data-icon-phone=\"\" data-icon-sticky=\"\"><\/span><h3 class=\"et_pb_module_header\">Europ\u00e4ische Bibeldialoge<\/h3><\/a><\/div><\/div><\/div><div class=\"et_pb_fullwidth_portfolio_item_0_2 et_pb_portfolio_item post-1238 project type-project status-publish has-post-thumbnail hentry project_category-partner project_tag-partner\" id=\"1238\"><div class=\"et_pb_portfolio_image landscape\"><img loading=\"lazy\" decoding=\"async\" src=\"https:\/\/www.leuenberg.eu\/wp-content\/uploads\/2025\/04\/l-3-510x382.jpg\" class=\"wp-image-59\" alt=\"Begegnungen mit Migrationskirchen in London\" title=\"Begegnungen mit Migrationskirchen in London\" width=\"510\" height=\"382\" srcset=\"https:\/\/www.leuenberg.eu\/wp-content\/uploads\/2025\/04\/l-3.jpg 479w, https:\/\/www.leuenberg.eu\/wp-content\/uploads\/2025\/04\/l-3-510x382.jpg 480w\" sizes=\"(max-width:479px) 479px, 100vw\" \/><div class=\"meta\"><a href=\"https:\/\/www.leuenberg.eu\/de\/project\/begegnungen-mit-migrationskirchen-in-london\/\"><span class=\"et_overlay\" data-icon-tablet=\"\" data-icon-phone=\"\" data-icon-sticky=\"\"><\/span><h3 class=\"et_pb_module_header\">Begegnungen mit Migrationskirchen in London<\/h3><\/a><\/div><\/div><\/div><div class=\"et_pb_fullwidth_portfolio_item_0_3 et_pb_portfolio_item post-1239 project type-project status-publish has-post-thumbnail hentry project_category-partner project_tag-partner\" id=\"1239\"><div class=\"et_pb_portfolio_image landscape\"><img loading=\"lazy\" decoding=\"async\" src=\"https:\/\/www.leuenberg.eu\/wp-content\/uploads\/2025\/04\/Foto-zu-Young-Theologians_HP-und-NL-scaled-1-510x382.jpg\" class=\"wp-image-55\" alt=\"Young Theologians\" title=\"Young Theologians\" width=\"510\" height=\"382\" srcset=\"https:\/\/www.leuenberg.eu\/wp-content\/uploads\/2025\/04\/Foto-zu-Young-Theologians_HP-und-NL-scaled-1.jpg 479w, https:\/\/www.leuenberg.eu\/wp-content\/uploads\/2025\/04\/Foto-zu-Young-Theologians_HP-und-NL-scaled-1-510x382.jpg 480w\" sizes=\"(max-width:479px) 479px, 100vw\" \/><div class=\"meta\"><a href=\"https:\/\/www.leuenberg.eu\/de\/project\/young-theologians\/\"><span class=\"et_overlay\" data-icon-tablet=\"\" data-icon-phone=\"\" data-icon-sticky=\"\"><\/span><h3 class=\"et_pb_module_header\">Young Theologians<\/h3><\/a><\/div><\/div><\/div><div class=\"et_pb_fullwidth_portfolio_item_0_4 et_pb_portfolio_item post-1240 project type-project status-publish has-post-thumbnail hentry project_category-partner project_tag-partner\" id=\"1240\"><div class=\"et_pb_portfolio_image landscape\"><img loading=\"lazy\" decoding=\"async\" src=\"https:\/\/www.leuenberg.eu\/wp-content\/uploads\/2025\/04\/20230418_183818-1-scaled-1-510x382.jpg\" class=\"wp-image-51\" alt=\"\u201eEurowaisen\u201c\" title=\"\u201eEurowaisen\u201c\" width=\"510\" height=\"382\" srcset=\"https:\/\/www.leuenberg.eu\/wp-content\/uploads\/2025\/04\/20230418_183818-1-scaled-1.jpg 479w, https:\/\/www.leuenberg.eu\/wp-content\/uploads\/2025\/04\/20230418_183818-1-scaled-1-510x382.jpg 480w\" sizes=\"(max-width:479px) 479px, 100vw\" \/><div class=\"meta\"><a href=\"https:\/\/www.leuenberg.eu\/de\/project\/eurowaisen\/\"><span class=\"et_overlay\" data-icon-tablet=\"\" data-icon-phone=\"\" data-icon-sticky=\"\"><\/span><h3 class=\"et_pb_module_header\">\u201eEurowaisen\u201c<\/h3><\/a><\/div><\/div><\/div><\/div><\/div>\n<\/div>","protected":false},"excerpt":{"rendered":"","protected":false},"author":1,"featured_media":0,"parent":0,"menu_order":0,"comment_status":"closed","ping_status":"closed","template":"","meta":{"_acf_changed":false,"_et_pb_use_builder":"on","_et_pb_old_content":"","_et_gb_content_width":"","footnotes":""},"class_list":["post-409","page","type-page","status-publish","hentry"],"acf":[],"_links":{"self":[{"href":"https:\/\/www.leuenberg.eu\/de\/wp-json\/wp\/v2\/pages\/409","targetHints":{"allow":["GET"]}}],"collection":[{"href":"https:\/\/www.leuenberg.eu\/de\/wp-json\/wp\/v2\/pages"}],"about":[{"href":"https:\/\/www.leuenberg.eu\/de\/wp-json\/wp\/v2\/types\/page"}],"author":[{"embeddable":true,"href":"https:\/\/www.leuenberg.eu\/de\/wp-json\/wp\/v2\/users\/1"}],"replies":[{"embeddable":true,"href":"https:\/\/www.leuenberg.eu\/de\/wp-json\/wp\/v2\/comments?post=409"}],"version-history":[{"count":4,"href":"https:\/\/www.leuenberg.eu\/de\/wp-json\/wp\/v2\/pages\/409\/revisions"}],"predecessor-version":[{"id":4364,"href":"https:\/\/www.leuenberg.eu\/de\/wp-json\/wp\/v2\/pages\/409\/revisions\/4364"}],"wp:attachment":[{"href":"https:\/\/www.leuenberg.eu\/de\/wp-json\/wp\/v2\/media?parent=409"}],"curies":[{"name":"wp","href":"https:\/\/api.w.org\/{rel}","templated":true}]}}